{"id":9,"date":"2023-03-23T11:58:21","date_gmt":"2023-03-23T10:58:21","guid":{"rendered":"https:\/\/fotigesz.hu\/?page_id=9"},"modified":"2026-01-14T15:44:03","modified_gmt":"2026-01-14T14:44:03","slug":"szervezet","status":"publish","type":"page","link":"https:\/\/fotigesz.hu\/?page_id=9","title":{"rendered":"Szervezet"},"content":{"rendered":"\n<h2 class=\"wp-block-heading\">Szervezet el\u00e9rhet\u0151s\u00e9ge<\/h2>\n\n\n\n<p>Sz\u00e9khely: 2151, F\u00f3t D\u00f3zsa Gy\u00f6rgy \u00fat 12-14<\/p>\n\n\n\n<p>Ad\u00f3sz\u00e1m: 15813169-2-13<\/p>\n\n\n\n<p>Telefon: 27-358-831<\/p>\n\n\n\n<p>Fax: 27-358-831 \/14. sz mell\u00e9k<\/p>\n\n\n\n<p>Honlap:&nbsp;<a href=\"https:\/\/www.fotigesz.hu\/\">www.fotigesz.hu<\/a><\/p>\n\n\n\n<p><\/p>\n\n\n\n<h2 class=\"wp-block-heading\">Szervezeti fel\u00e9p\u00edt\u00e9s<\/h2>\n\n\n\n<figure class=\"wp-block-table\"><table><tbody><tr><td><strong>Igazgat\u00f3<\/strong><\/td><td>1 f\u0151<\/td><\/tr><tr><td><strong>Bels\u0151 ellen\u0151rz\u00e9s<\/strong><\/td><td>0,5 f\u0151<\/td><\/tr><tr><td><strong>Gazdas\u00e1gi Szervezet<\/strong> 10 f\u0151<\/td><td><\/td><\/tr><tr><td>Gazdas\u00e1gi vezet\u0151<\/td><td>1 f\u0151<\/td><\/tr><tr><td>P\u00e9nzt\u00e1ros-k\u00f6nyvel\u0151<\/td><td>1 f\u0151<\/td><\/tr><tr><td><\/td><td><\/td><\/tr><tr><td>P\u00e9nz\u00fcgyi-sz\u00e1mviteli f\u0151el\u0151ad\u00f3<\/td><td>2 f\u0151<\/td><\/tr><tr><td>Vagyongazd\u00e1lkod\u00e1si \u00fcgyint\u00e9z\u0151<\/td><td>2 f\u0151&nbsp;<\/td><\/tr><tr><td>B\u00e9r- \u00e9s munka\u00fcgyi f\u0151el\u0151ad\u00f3<\/td><td>1 f\u0151&nbsp;<\/td><\/tr><tr><td>K\u00f6z\u00e9tkeztet\u00e9si \u00fcgyint\u00e9z\u0151<\/td><td>2,75 f\u0151<\/td><\/tr><tr><td><\/td><td><\/td><\/tr><tr><td><\/td><td><\/td><\/tr><tr><td><strong>Konyha\u00fczemeltet\u00e9s<\/strong> 27 f\u0151<\/td><td><\/td><\/tr><tr><td><strong><em>K\u00f6zponti konyha<\/em><\/strong><\/td><td><\/td><\/tr><tr><td>\u00c9lelmez\u00e9svezet\u0151 \u00e9s konyhavazet\u0151<\/td><td>1 f\u0151<\/td><\/tr><tr><td>Konyhai adminisztr\u00e1tor<\/td><td>1 f\u0151<\/td><\/tr><tr><td>Szak\u00e1cs<\/td><td>1 f\u0151<\/td><\/tr><tr><td>Konyhai kiseg\u00edt\u0151<\/td><td>9 f\u0151<\/td><\/tr><tr><td>Konyhai rakt\u00e1ri kiseg\u00edt\u0151&nbsp;<\/td><td>1 f\u0151<\/td><\/tr><tr><td>Sof\u0151r<\/td><td>1 f\u0151<\/td><\/tr><tr><td>Takar\u00edt\u00f3<\/td><td>2 f\u0151<\/td><\/tr><tr><td><strong>T\u00e1lal\u00f3konyh\u00e1k<\/strong><\/td><td><\/td><\/tr><tr><td>konyhai csoportvezet\u0151<\/td><td>3 f\u0151<\/td><\/tr><tr><td>konyhai kiseg\u00edt\u0151<\/td><td>8 f\u0151<\/td><\/tr><\/tbody><\/table><\/figure>\n\n\n\n<p>A k\u00f6lts\u00e9gvet\u00e9si szerv enged\u00e9lyezett l\u00e9tsz\u00e1ma: 39 f\u0151<\/p>\n","protected":false},"excerpt":{"rendered":"<p>Szervezet el\u00e9rhet\u0151s\u00e9ge Sz\u00e9khely: 2151, F\u00f3t D\u00f3zsa Gy\u00f6rgy \u00fat 12-14 Ad\u00f3sz\u00e1m: 15813169-2-13 Telefon: 27-358-831 Fax: 27-358-831 \/14. sz mell\u00e9k Honlap:&nbsp;www.fotigesz.hu Szervezeti fel\u00e9p\u00edt\u00e9s Igazgat\u00f3 1 f\u0151 Bels\u0151 ellen\u0151rz\u00e9s 0,5 f\u0151 Gazdas\u00e1gi Szervezet 10 f\u0151 Gazdas\u00e1gi vezet\u0151 1 f\u0151 P\u00e9nzt\u00e1ros-k\u00f6nyvel\u0151 1 f\u0151 P\u00e9nz\u00fcgyi-sz\u00e1mviteli f\u0151el\u0151ad\u00f3 2 f\u0151 Vagyongazd\u00e1lkod\u00e1si \u00fcgyint\u00e9z\u0151 2 f\u0151&nbsp; B\u00e9r- \u00e9s munka\u00fcgyi f\u0151el\u0151ad\u00f3 1 f\u0151&nbsp; K\u00f6z\u00e9tkeztet\u00e9si \u00fcgyint\u00e9z\u0151 [&hellip;]<\/p>\n","protected":false},"author":1,"featured_media":0,"parent":0,"menu_order":0,"comment_status":"closed","ping_status":"closed","template":"","meta":{"footnotes":""},"class_list":["post-9","page","type-page","status-publish","hentry","post-preview"],"_links":{"self":[{"href":"https:\/\/fotigesz.hu\/index.php?rest_route=\/wp\/v2\/pages\/9","targetHints":{"allow":["GET"]}}],"collection":[{"href":"https:\/\/fotigesz.hu\/index.php?rest_route=\/wp\/v2\/pages"}],"about":[{"href":"https:\/\/fotigesz.hu\/index.php?rest_route=\/wp\/v2\/types\/page"}],"author":[{"embeddable":true,"href":"https:\/\/fotigesz.hu\/index.php?rest_route=\/wp\/v2\/users\/1"}],"replies":[{"embeddable":true,"href":"https:\/\/fotigesz.hu\/index.php?rest_route=%2Fwp%2Fv2%2Fcomments&post=9"}],"version-history":[{"count":6,"href":"https:\/\/fotigesz.hu\/index.php?rest_route=\/wp\/v2\/pages\/9\/revisions"}],"predecessor-version":[{"id":507,"href":"https:\/\/fotigesz.hu\/index.php?rest_route=\/wp\/v2\/pages\/9\/revisions\/507"}],"wp:attachment":[{"href":"https:\/\/fotigesz.hu\/index.php?rest_route=%2Fwp%2Fv2%2Fmedia&parent=9"}],"curies":[{"name":"wp","href":"https:\/\/api.w.org\/{rel}","templated":true}]}}