{"id":13,"date":"2023-03-23T11:58:21","date_gmt":"2023-03-23T10:58:21","guid":{"rendered":"https:\/\/fotigesz.hu\/?page_id=13"},"modified":"2026-01-14T15:52:44","modified_gmt":"2026-01-14T14:52:44","slug":"kozetkeztetes","status":"publish","type":"page","link":"https:\/\/fotigesz.hu\/","title":{"rendered":"K\u00d6Z\u00c9TKEZTET\u00c9S"},"content":{"rendered":"\n<p>Az internetes \u00e9tkez\u00e9s lemond\u00e1s el\u00e9rhet\u0151s\u00e9ge:<\/p>\n\n\n\n<p><a href=\"http:\/\/78.131.11.64:8081\/SaldoWebMenza\">https:\/\/www.fotigesz.hu\/etkezes<\/a><\/p>\n\n\n\n<p>&#8212;&#8212;&#8212;&#8212;&#8212;&#8212;&#8212;&#8212;&#8212;&#8212;&#8212;&#8212;&#8212;&#8212;&#8212;&#8212;&#8212;&#8212;&#8212;&#8212;&#8212;&#8212;&#8212;&#8212;&#8212;&#8212;&#8212;&#8212;&#8212;&#8212;&#8212;&#8212;&#8212;&#8212;&#8212;-<\/p>\n\n\n\n<div class=\"wp-block-file\"><a id=\"wp-block-file--media-13eca8b0-8426-4b84-b5b0-d01050e239c4\" href=\"https:\/\/fotigesz.hu\/wp-content\/uploads\/2025\/05\/Etkezoi-adatok-valtozasat-bejelento-adatlap.docx\">\u00c9tkez\u0151i adatok v\u00e1ltoz\u00e1s\u00e1t bejelent\u0151 adatlap<\/a><\/div>\n\n\n\n<div class=\"wp-block-file aligncenter\"><a id=\"wp-block-file--media-fbbc0be6-9430-41e5-a0ee-91aacbd6cd1e\" href=\"https:\/\/fotigesz.hu\/wp-content\/uploads\/2025\/05\/Nyilatkozat-etkezesi-dijkedvezmenyrol.docx\">Nyilatkozat \u00e9tkez\u00e9si d\u00edjkedvezm\u00e9nyr\u0151l<\/a><\/div>\n\n\n\n<p class=\"has-regular-font-size\"><a href=\"https:\/\/fotigesz.hu\/wp-content\/uploads\/2023\/05\/Iskolai-szuloi-tajekoztato2023.pdf\">Iskolai sz\u00fcl\u0151i t\u00e1j\u00e9koztat\u00f3&nbsp;<\/a><br><a href=\"https:\/\/fotigesz.hu\/wp-content\/uploads\/2023\/05\/megrendelo-nyomtatvany 2310.docx\">MEGRENDEL\u0150 NYOMTATV\u00c1NY(.docx)<\/a><br><a href=\"https:\/\/fotigesz.hu\/wp-content\/uploads\/2024\/07\/megrendelo-nyomtatvany-2310.pdf\">MEGRENDEL\u0150 NYOMTATV\u00c1NY(.pdf)<\/a><br><a href=\"https:\/\/fotigesz.hu\/wp-content\/uploads\/2023\/05\/megrendelo-nyomtatvany vendegetkezok 2310.docx\">MEGRENDEL\u0150 NYOMTATV\u00c1NY &#8211; vend\u00e9g\u00e9tkez\u0151k<\/a><br><a href=\"https:\/\/fotigesz.hu\/wp-content\/uploads\/2023\/04\/Dietas-etkeztetessel-kapcsolatos-informaciok.doc\">Di\u00e9t\u00e1s \u00e9tkeztet\u00e9ssel kapcsolatos inform\u00e1ci\u00f3k&nbsp;<\/a><br><a href=\"https:\/\/fotigesz.hu\/wp-content\/uploads\/2023\/04\/Tajekoztato-az-etkezessel-kapcsolatos-tapasztalatokrol.doc\">T\u00e1j\u00e9koztat\u00f3 az \u00e9tkez\u00e9ssel kapcsolatos tapasztalatokr\u00f3l&nbsp;<\/a><br><a href=\"https:\/\/fotigesz.hu\/wp-content\/uploads\/2023\/05\/Tartozaskezelesi-tajekoztato_2023.pdf\">Tartoz\u00e1skezel\u00e9si t\u00e1j\u00e9koztat\u00f3&nbsp;<\/a><br><a href=\"https:\/\/fotigesz.hu\/wp-content\/uploads\/2023\/04\/3.-melleklet.pdf\">3. sz\u00e1m\u00fa mell\u00e9klet az 52003.(II.19.) ESZCsM rendelethez&nbsp;<\/a><br><a href=\"https:\/\/fotigesz.hu\/wp-content\/uploads\/2023\/04\/8.-melleklet.pdf\">8. sz\u00e1m\u00fa mell\u00e9klet 328\/2011. (XII.29.) Korm. rendelethez&nbsp;<\/a><br><a href=\"https:\/\/fotigesz.hu\/wp-content\/uploads\/2023\/04\/9.-melleklet.pdf\">9. sz\u00e1m\u00fa mell\u00e9klet a 328\/2011. (XII.29.) Korm. rendelethez<\/a><\/p>\n\n\n\n<hr class=\"wp-block-separator has-alpha-channel-opacity\"\/>\n\n\n\n<div class=\"wp-block-file\"><a id=\"wp-block-file--media-0844637b-501b-4e44-aa46-1e26483c179d\" href=\"https:\/\/fotigesz.hu\/?attachment_id=446\"><strong>14-2023. (III.31.) a gyermekj\u00f3l\u00e9ti ell\u00e1t\u00e1sok helyi rendszer\u00e9r\u0151l \u00e9s a fizetend\u0151 t\u00e9r\u00edt\u00e9si d\u00edjakr\u00f3l EGYS\u00c9GES 2025 04 01<\/strong><\/a><\/div>\n\n\n\n<p>Tisztelt T\u00f6rv\u00e9nyes K\u00e9pvisel\u0151!<\/p>\n\n\n\n<p>T\u00e1j\u00e9koztatni szeretn\u00e9nk, hogy F\u00f3t V\u00e1ros \u00d6nkorm\u00e1nyzata K\u00e9pvisel\u0151-test\u00fclet\u00e9nek<br>d\u00f6nt\u00e9se alapj\u00e1n az \u00f6nkorm\u00e1nyzati int\u00e9zm\u00e9nyekben ig\u00e9nybe vett <strong>gyermek-\u00e9s<br>di\u00e1k\u00e9tkeztet\u00e9si t\u00e9r\u00edt\u00e9si d\u00edjak 2025. \u00e1prilis 1-t\u0151l m\u00f3dosulnak<\/strong>.<\/p>\n\n\n\n<p>A gyermekj\u00f3l\u00e9ti ell\u00e1t\u00e1sok helyi rendszer\u00e9r\u0151l \u00e9s fizetend\u0151 t\u00e9r\u00edt\u00e9si d\u00edjakr\u00f3l sz\u00f3l\u00f3<br>14\/2023.(III.31.) \u00f6nkorm\u00e1nyzati rendelete 1. sz. mell\u00e9klete tartalmazza a<br>t\u00e9r\u00edt\u00e9si d\u00edjakat, melyek az al\u00e1bbiak szerint m\u00f3dosulnak:<\/p>\n\n\n\n<ol class=\"wp-block-list\">\n<li>F\u00f3t V\u00e1ros \u00d6nkorm\u00e1nyzata m\u0171k\u00f6dtet\u00e9si k\u00f6r\u00e9be tartoz\u00f3 int\u00e9zm\u00e9nyekben az<br>int\u00e9zm\u00e9nyi t\u00e9r\u00edt\u00e9s d\u00edj napi brutt\u00f3 (\u00e1f\u00e1val n\u00f6velt) \u00f6sszegei a k\u00f6vetkez\u0151k:<\/li>\n<\/ol>\n\n\n\n<figure class=\"wp-block-image size-full\"><img loading=\"lazy\" decoding=\"async\" width=\"713\" height=\"303\" src=\"https:\/\/fotigesz.hu\/wp-content\/uploads\/2025\/04\/Vagolap01.jpg\" alt=\"\" class=\"wp-image-401\" srcset=\"https:\/\/fotigesz.hu\/wp-content\/uploads\/2025\/04\/Vagolap01.jpg 713w, https:\/\/fotigesz.hu\/wp-content\/uploads\/2025\/04\/Vagolap01-300x127.jpg 300w, https:\/\/fotigesz.hu\/wp-content\/uploads\/2025\/04\/Vagolap01-676x287.jpg 676w\" sizes=\"auto, (max-width: 713px) 100vw, 713px\" \/><\/figure>\n\n\n\n<ol start=\"2\" class=\"wp-block-list\">\n<li>F\u00f3t V\u00e1ros \u00d6nkorm\u00e1nyzat m\u0171k\u00f6d\u00e9si k\u00f6r\u00e9be tartoz\u00f3 int\u00e9zm\u00e9nyekben a di\u00e9t\u00e1s<br>\u00e9tkez\u00e9s int\u00e9zm\u00e9nyi t\u00e9r\u00edt\u00e9s d\u00edj napi brutt\u00f3 (\u00e1f\u00e1val n\u00f6velt) \u00f6sszegei a k\u00f6vetkez\u0151k:<\/li>\n<\/ol>\n\n\n\n<figure class=\"wp-block-image size-full\"><img loading=\"lazy\" decoding=\"async\" width=\"685\" height=\"250\" src=\"https:\/\/fotigesz.hu\/wp-content\/uploads\/2025\/04\/Vagolap02.jpg\" alt=\"\" class=\"wp-image-403\" srcset=\"https:\/\/fotigesz.hu\/wp-content\/uploads\/2025\/04\/Vagolap02.jpg 685w, https:\/\/fotigesz.hu\/wp-content\/uploads\/2025\/04\/Vagolap02-300x109.jpg 300w, https:\/\/fotigesz.hu\/wp-content\/uploads\/2025\/04\/Vagolap02-676x247.jpg 676w\" sizes=\"auto, (max-width: 685px) 100vw, 685px\" \/><\/figure>\n\n\n\n<div class=\"wp-block-file\"><a id=\"wp-block-file--media-d0e27b7b-80d2-43c9-9057-c03e57105aa9\" href=\"https:\/\/fotigesz.hu\/wp-content\/uploads\/2025\/04\/Honlapra-etkezesi-dij-valtozas-anyag.docx\">Honlapra \u00e9tkez\u00e9si d\u00edj v\u00e1ltoz\u00e1s anyag<\/a><\/div>\n\n\n\n<hr class=\"wp-block-separator has-alpha-channel-opacity\"\/>\n\n\n\n<p><strong>Tisztelt Sz\u00fcl\u0151k (T\u00f6rv\u00e9nyes K\u00e9pvisel\u0151k\/Gondvisel\u0151k)!<\/strong><\/p>\n\n\n\n<p><strong>\u00c9rtes\u00edtj\u00fck \u00d6n\u00f6ket, hogy a k\u00f6z\u00e9tkeztet\u00e9s adminisztr\u00e1ci\u00f3j\u00e1t 2021. szeptember havi \u00e9tkez\u00e9s megrendel\u00e9s\u00e9t\u0151l kezdve a F\u00f3ti Gazdas\u00e1gi Ell\u00e1t\u00f3 Szervezet vette \u00e1t az&nbsp;<u>\u00e1ltal\u00e1nos iskol\u00e1kt\u00f3l.<\/u><\/strong><\/p>\n\n\n\n<p>A v\u00e1ltoz\u00e1sr\u00f3l r\u00e9szletes sz\u00fcl\u0151i t\u00e1j\u00e9koztat\u00f3t jelentet\u00fcnk meg az iskol\u00e1k honlapj\u00e1n, valamint a F\u00f3ti Gazdas\u00e1gi Ell\u00e1t\u00f3 Szervezet (<a href=\"https:\/\/www.fotigesz.hu\/\" target=\"_blank\" rel=\"noreferrer noopener\">www.fotigesz.hu<\/a>) honlapj\u00e1n.<\/p>\n\n\n\n<p>K\u00e9rj\u00fck, hogy a v\u00e1ltoz\u00e1sokat sz\u00edveskedjenek figyelemmel k\u00eds\u00e9rni, \u00e9s az \u00e9tkeztet\u00e9s megrendel\u00e9s\u00e9hez sz\u00fcks\u00e9ges adatszolt\u00e1ltat\u00e1st miel\u0151bb eljuttatni r\u00e9sz\u00fcnkre a&nbsp;<a href=\"mailto:kozetkeztetes.fotigesz@gmail.com\" target=\"_blank\" rel=\"noreferrer noopener\">kozetkeztetes.fotigesz@gmail.com<\/a>&nbsp;email-c\u00edmre, vagy szem\u00e9lyesen lehet\u0151leg a GESZ irod\u00e1j\u00e1ba: 2151 F\u00f3t, D\u00f3zsa Gy\u00f6rgy \u00fat 12-14. (Ifj\u00fas\u00e1gi H\u00e1z) 22-es irod\u00e1j\u00e1ba.<\/p>\n\n\n\n<p>Akinek nincsen lehet\u0151s\u00e9ge az elektronikus fel\u00fcletekr\u0151l a megrendel\u00e9s \u00e9s mell\u00e9kletei kinyomtat\u00e1s\u00e1ra, az a kinyomtatott nyomtatv\u00e1nyokat szem\u00e9lyesen \u00e1tveheti GESZ irod\u00e1j\u00e1ban.<\/p>\n\n\n\n<p>A kit\u00f6lt\u00e9ssel kapcsolatban k\u00f6z\u00e9tkeztet\u00e9si \u00fcgyint\u00e9z\u0151ink tudnak seg\u00edts\u00e9get ny\u00fajtani a fenti email-c\u00edmen \u00e9s az al\u00e1bbi telefonsz\u00e1mokon:&nbsp;&nbsp;&nbsp;&nbsp;&nbsp;<\/p>\n\n\n\n<p>Csipesn\u00e9 K\u00f3kai Zsuzsanna &nbsp;&nbsp;&nbsp;&nbsp;&nbsp; 06 70&nbsp;331 7058<\/p>\n\n\n\n<p>Marton Erzs\u00e9bet \u00a0\u00a0\u00a0\u00a0\u00a0\u00a0\u00a0\u00a0\u00a0\u00a0\u00a0\u00a0\u00a0\u00a0\u00a0\u00a0\u00a0\u00a0\u00a0 06 70\u00a0666 5002<\/p>\n\n\n\n<p><strong>Lead\u00e1si hat\u00e1rid\u0151: legk\u00e9s\u0151bb j\u00fanius 30.<\/strong><\/p>\n\n\n\n<p>K\u00e9rj\u00fck, amennyiben van r\u00e1 lehet\u0151s\u00e9g\u00fck a megrendel\u00e9seket \u00e9s mell\u00e9kleteit miel\u0151bb juttass\u00e1k el el\u00e9rhet\u0151s\u00e9geinkre, hogy az adatokat folyamatosan fel tudjuk t\u00f6lteni.<\/p>\n\n\n\n<hr class=\"wp-block-separator has-alpha-channel-opacity\"\/>\n\n\n\n<p>Iskolai sz\u00fcl\u0151i (t\u00f6rv\u00e9nyes k\u00e9pvisel\u0151i) t\u00e1j\u00e9koztat\u00f3<\/p>\n\n\n\n<p>2021. szeptember\u00e9t\u0151l a F\u00f3ti Gazdas\u00e1gi Ell\u00e1t\u00f3 Szervezet (tov\u00e1bbiakban GESZ) k\u00f6zpontj\u00e1nak K\u00f6z\u00e9tkeztet\u00e9si Csoportja l\u00e1tja el az \u00e9tkez\u00e9s megrendel\u00e9ssel, lemond\u00e1ssal, kedvezm\u00e9nyek \u00e9rv\u00e9nyes\u00edt\u00e9s\u00e9vel, sz\u00e1ml\u00e1z\u00e1ssal kapcsolatos feladatokat.<br>Az \u00e9tkez\u00e9s megrendel\u00e9se iskol\u00e1s gyermek eset\u00e9ben \u00edr\u00e1sban kell, hogy megt\u00f6rt\u00e9njen a GESZ K\u00f6z\u00e9tkeztet\u00e9si Csoportn\u00e1l. Az \u00e9tkez\u00e9s megrendel\u00e9s\u00e9t \u00e9v k\u00f6zben, az \u00edr\u00e1sos szerz\u0151d\u00e9sk\u00f6t\u00e9st \u00e9s a sz\u00e1mla kiegyenl\u00edt\u00e9st k\u00f6vet\u0151 harmadik napt\u00f3l tudjuk biztos\u00edtani.&nbsp;Augusztus 15. &#8211; szeptember 30. k\u00f6z\u00f6tt 5 munkanap az elj\u00e1r\u00e1si id\u0151.&nbsp;Az \u00e9tkeztet\u00e9s biztos\u00edt\u00e1s\u00e1nak felt\u00e9tele az \u00e9tkez\u00e9si sz\u00e1mla (sz\u00e1ml\u00e1k) befizet\u00e9se.<\/p>\n\n\n\n<p>Di\u00e9t\u00e1s \u00e9tkez\u00e9si ig\u00e9nnyel kapcsolatos \u00fcgyint\u00e9z\u00e9si t\u00e1j\u00e9koztat\u00f3 a GESZ honlapj\u00e1n (www.fotigesz.hu)&nbsp;a K\u00f6z\u00e9tkeztet\u00e9s men\u00fcben tal\u00e1lhat\u00f3. K\u00e9rj\u00fck az ismertet\u0151b\u0151l t\u00e1j\u00e9koz\u00f3dni \u00e9s az abban foglaltak szerint elj\u00e1rni.<\/p>\n\n\n\n<p>\u00c9tkez\u00e9si t\u00edpus m\u00f3dos\u00edt\u00e1s:&nbsp;a gyermek \u00e9tkez\u00e9si t\u00edpus\u00e1nak m\u00f3dos\u00edt\u00e1s\u00e1t a t\u00e1rgyh\u00f3napot megel\u0151z\u0151 h\u00f3napban, a sz\u00e1mlaki\u00e1ll\u00edt\u00e1st megel\u0151z\u0151 2. munkanap, reggel 8.30 \u00f3r\u00e1ig \u00edr\u00e1sban lehet megtenni (szem\u00e9lyesen a GESZ K\u00f6z\u00e9tkeztet\u00e9si Csoportn\u00e1l vagy e-mailben). M\u00f3dos\u00edt\u00e1st a fenti hat\u00e1rid\u0151t k\u00f6vet\u0151en, a t\u00e1rgynapot megel\u0151z\u0151 3. munkanapon 24 \u00f3r\u00e1ig lehet k\u00e9rni, amennyiben a sz\u00fcl\u0151 elfogadja, hogy a m\u00f3dos\u00edt\u00e1s \u00e1rk\u00fcl\u00f6nb\u00f6zete csak a k\u00f6vetkez\u0151 havi sz\u00e1ml\u00e1ban ker\u00fcl j\u00f3v\u00e1\u00edr\u00e1sra, illetve a keletkezett t\u00f6bbletk\u00f6lts\u00e9get t\u00e1rgyh\u00f3nap el\u0151tt sz\u00fcks\u00e9ges kiegyenl\u00edteni. Az ezt k\u00f6vet\u0151en be\u00e9rkez\u0151 m\u00f3dos\u00edt\u00e1si k\u00e9relmeket a t\u00e1rgyh\u00f3napot k\u00f6vet\u0151, sz\u00e1ml\u00e1z\u00e1ssal m\u00e9g nem \u00e9rintett h\u00f3napt\u00f3l tudjuk teljes\u00edteni.<\/p>\n\n\n\n<p>Lemond\u00e1s, megrendel\u00e9s&nbsp;(napokra<strong>,<\/strong>&nbsp;id\u0151szakokra vonatkoz\u00f3, nem v\u00e9gleges lemond\u00e1s):&nbsp;<strong>MINDEN ESETBEN T\u00c1RGYNAPOT, ID\u0150SZAKOT MEGEL\u0150Z\u0150 MUNKANAPON,<\/strong>&nbsp;<strong>REGGEL 8.30-ig sz\u00fcks\u00e9ges jelezni<\/strong>.&nbsp;Erre a Sz\u00fcl\u0151i fel\u00fcleten \u00e9s a GESZ K\u00f6z\u00e9tkeztet\u00e9si Csoport hivatalos el\u00e9rhet\u0151s\u00e9gein van lehet\u0151s\u00e9g: e-mailben a&nbsp;<a href=\"mailto:kozetkeztetes.fotigesz@gmail.com\">kozetkeztetes.fotigesz@gmail.com<\/a>&nbsp;c\u00edmen, illetve&nbsp;<strong>k\u00fcl\u00f6n\u00f6sen indokolt esetben telefonon<\/strong>&nbsp;a 06 70&nbsp;331-7058-as telefonsz\u00e1mon. Az eseti lemond\u00e1soknak pontos d\u00e1tummal (v\u00e9gd\u00e1tummal is) kell rendelkezni\u00fck \u00e9s k\u00e9rj\u00fck felt\u00fcntetni az int\u00e9zm\u00e9nyt is, melybe a gyermek j\u00e1r.<\/p>\n\n\n\n<ol class=\"wp-block-list\">\n<li><strong>2021.09.01-t\u0151l csak&nbsp;a GESZ-n\u00e9l lemondott \u00e9tkez\u00e9st tudjuk elfogadni, ett\u0151l az id\u0151pontt\u00f3l az iskola titk\u00e1rs\u00e1g\u00e1n, vagy az oszt\u00e1lyf\u0151n\u00f6kn\u00e9l lemondott \u00e9tkez\u00e9st nem tudjuk figyelembe venni.<\/strong><\/li>\n\n\n\n<li>Az \u00fan.&nbsp;Sz\u00fcl\u0151i fel\u00fcleten int\u00e9zheti a t\u00f6rv\u00e9nyes k\u00e9pvisel\u0151 az eseti lemond\u00e1sait, megrendel\u00e9seit, nyomon k\u00f6vetheti az \u00e9tkez\u00e9st ig\u00e9nybevev\u0151 gyermek(ek) aktu\u00e1lis sz\u00e1mlaegyenleg\u00e9t. A sz\u00e1mos funkci\u00f3 haszn\u00e1lat\u00e1ra lehet\u0151s\u00e9get biztos\u00edt\u00f3 fel\u00fclet alkalmaz\u00e1s\u00e1nak, haszn\u00e1lat\u00e1nak megfontol\u00e1sa javasolt. A fel\u00fclet haszn\u00e1lata regisztr\u00e1ci\u00f3hoz k\u00f6t\u00f6tt, e-mail c\u00edm \u00e9s jelsz\u00f3 megad\u00e1sa sz\u00fcks\u00e9ges.<\/li>\n<\/ol>\n\n\n\n<p>Az \u00e9tkez\u00e9st ig\u00e9nybevev\u0151 gyermek(ek) adatlapj\u00e1ra t\u00f6rt\u00e9n\u0151 bel\u00e9p\u00e9shez sz\u00fcks\u00e9ges jelsz\u00f3t e-mailben k\u00fcldi meg a K\u00f6z\u00e9tkeztet\u00e9si Csoport, amit az els\u0151 bel\u00e9p\u00e9st k\u00f6vet\u0151en meg kell v\u00e1ltoztatnia a t\u00f6rv\u00e9nyes k\u00e9pvisel\u0151nek.<\/p>\n\n\n\n<p><strong>A Rendszeres gyermekv\u00e9delmi kedvezm\u00e9nnyel, az \u00f6nkorm\u00e1nyzati \u00e9tkez\u00e9si t\u00e1mogat\u00e1ssal rendelkez\u0151, \u00e9s a Nevel\u00e9sbe vett gyermek \u00e9tkez\u00e9s\u00e9t is sz\u00fcks\u00e9ges hi\u00e1nyz\u00e1s eset\u00e9n lemondani.<\/strong><\/p>\n\n\n\n<p>K\u00f6z\u00f6s sz\u00fcl\u0151i fel\u00fclet: amennyiben \u00d6nnek t\u00f6bb gyermeke j\u00e1r F\u00f3t v\u00e1ros valamely, \u00e1llami fenntart\u00e1s\u00fa k\u00f6zoktat\u00e1si \u00advagy k\u00f6znevel\u00e9si int\u00e9zm\u00e9ny\u00e9be (\u00f3voda v. b\u00f6lcs\u0151de \/ iskola) \u00e9s azonos e-mail c\u00edmet adott meg az \u00e9tkez\u00e9s\u00fck megrendel\u00e9sekor, lehet\u0151s\u00e9g\u00fck van egy sz\u00fcl\u0151i bel\u00e9p\u00e9ssel, mindegyik \u00e9rkez\u00e9st ig\u00e9nybevev\u0151 gyermek fel\u00fclet\u00e9t el\u00e9rni, kezelni. Ez a funkci\u00f3 a b\u00f6lcs\u0151d\u00e9ben \u00e9s az \u00f3vod\u00e1kban k\u00e9s\u0151bb ker\u00fcl bevezet\u00e9sre.<\/p>\n\n\n\n<p>K\u00e9rj\u00fck, az oldal haszn\u00e1lat\u00e1val kapcsolatos k\u00e9rd\u00e9s\u00e9t, \u00e9szrev\u00e9tel\u00e9t a&nbsp;<a href=\"mailto:kozetkeztetetes.fotigesz@gmail.com\">kozetkeztetetes.fotigesz@gmail.com<\/a>&nbsp;e-mail c\u00edmen jelezze.<\/p>\n\n\n\n<p>Napi lemond\u00e1sok sz\u00e1ml\u00e1z\u00e1si rendje: A sz\u00e1mlaki\u00e1ll\u00edt\u00e1s el\u0151tt jelzett napi lemond\u00e1sok nem ker\u00fclnek kisz\u00e1ml\u00e1z\u00e1sra. A sz\u00e1mlaki\u00e1ll\u00edt\u00e1st k\u00f6vet\u0151en jelzett napi lemond\u00e1sok a k\u00f6vetkez\u0151 sz\u00e1mla ki\u00e1ll\u00edt\u00e1sakor ker\u00fclnek j\u00f3v\u00e1\u00edr\u00e1sra.<\/p>\n\n\n\n<p>V\u00e9gleges lemond\u00e1s&nbsp;(sz\u00fcneteltet\u00e9s vagy int\u00e9zm\u00e9nyv\u00e1lt\u00e1s, k\u00f6lt\u00f6z\u00e9s ok\u00e1n, stb): a t\u00f6rv\u00e9nyes k\u00e9pvisel\u0151nek&nbsp;minden esetben&nbsp;a GESZ K\u00f6z\u00e9tkeztet\u00e9si Csoportn\u00e1l \u00edr\u00e1sban sz\u00fcks\u00e9ges jeleznie, legk\u00e9s\u0151bb t\u00e1rgynap el\u0151tti munkanap reggel 8.30- ig.&nbsp;<strong>Az \u00edr\u00e1sos nyilatkozat be\u00e9rkez\u00e9se ut\u00e1n tudjuk az \u00e9tkez\u00e9st ig\u00e9nybe vev\u0151 gyermeket kivenni az \u00e9tkez\u00e9sb\u0151l, \u00e9s az el\u0151re fizet\u00e9s miatt az esetleges t\u00falfizet\u00e9st visszat\u00e9r\u00edteni a banksz\u00e1ml\u00e1ra<\/strong>. A t\u00f6rv\u00e9nyes k\u00e9pvisel\u0151i lemond\u00e1sig a gyermek \u00e9tkez\u00e9si megrendel\u00e9se akt\u00edv, annak d\u00edja a t\u00f6rv\u00e9nyes k\u00e9pvisel\u0151t terheli.<\/p>\n\n\n\n<p>\u00c9tkez\u00e9si d\u00edjkedvezm\u00e9nyek:<\/p>\n\n\n\n<p>A 328\/2011. (XII. 29.) Korm. rendelet (a tov\u00e1bbiakban Gytr.) a szem\u00e9lyes gondoskod\u00e1st ny\u00fajt\u00f3 gyermekj\u00f3l\u00e9ti alapell\u00e1t\u00e1sok \u00e9s gyermekv\u00e9delmi szakell\u00e1t\u00e1sok t\u00e9r\u00edt\u00e9si d\u00edj\u00e1r\u00f3l \u00e9s az ig\u00e9nyl\u00e9s\u00fckh\u00f6z felhaszn\u00e1lhat\u00f3 bizony\u00edt\u00e9kokr\u00f3l jogszab\u00e1ly alapj\u00e1n minden esetben sz\u00fcks\u00e9ges a Gytr 8. mell\u00e9klet\u00e9nek a t\u00f6rv\u00e9nyes k\u00e9pvisel\u0151 \u00e1ltali kit\u00f6lt\u00e9se, melyen meg kell jel\u00f6lni az ig\u00e9nyelt \u00e9tkez\u00e9s t\u00edpus\u00e1t is.<\/p>\n\n\n\n<p>A&nbsp;h\u00e1rom vagy t\u00f6bb gyermekes csal\u00e1dok 50%-os \u00e9tkez\u00e9si t\u00e9r\u00edt\u00e9si d\u00edjkedvezm\u00e9nyt ig\u00e9nyelhetnek. A t\u00e1mogat\u00e1shoz a Gytr. 8. mell\u00e9klet\u00e9n<\/p>\n\n\n\n<p>&#8211;&nbsp;&nbsp;&nbsp;&nbsp;&nbsp;&nbsp;&nbsp;&nbsp;nyilatkozni sz\u00fcks\u00e9ges a GESZ K\u00f6z\u00e9tkeztet\u00e9si Csoportj\u00e1n\u00e1l. A kedvezm\u00e9ny a nyilatkozatt\u00e9tel m\u00e1snapj\u00e1t\u00f3l \u00e9rv\u00e9nyes\u00edthet\u0151.<\/p>\n\n\n\n<p>Az eltartott gyermekek sz\u00e1m\u00e1nak megv\u00e1ltoz\u00e1sa eset\u00e9n az \u00faj t\u00e9r\u00edt\u00e9si d\u00edjat a bejelent\u00e9st k\u00f6vet\u0151 h\u00f3nap els\u0151 napj\u00e1t\u00f3l kell megfizetni.<\/p>\n\n\n\n<p>Az al\u00e1bbi jogalapok eset\u00e9ben tov\u00e1bbi dokumentum beny\u00fajt\u00e1sa is sz\u00fcks\u00e9ges:<\/p>\n\n\n\n<p>Gyermek&nbsp;tart\u00f3s betegs\u00e9ge\/ fogyat\u00e9koss\u00e1ga eset\u00e9n 50 %-os \u00e9tkez\u00e9si t\u00e9r\u00edt\u00e9si d\u00edjkedvezm\u00e9nyt ig\u00e9nyelhetnek.<\/p>\n\n\n\n<p>A t\u00e1mogat\u00e1shoz a k\u00f6vetkez\u0151 tov\u00e1bbi dokumentum beny\u00fajt\u00e1sa sz\u00fcks\u00e9ges:<\/p>\n\n\n\n<ul class=\"wp-block-list\">\n<li>szakorvosi igazol\u00e1s, amely a tart\u00f3s betegs\u00e9get igazolja (Korm\u00e1ny rendelet 3. mell\u00e9klete), vagy a fentiek alapj\u00e1n foly\u00f3s\u00edtott magasabb \u00f6sszeg\u0171 csal\u00e1di p\u00f3tl\u00e9k meg\u00e1llap\u00edt\u00e1s\u00e1r\u00f3l sz\u00f3l\u00f3 Hat\u00e1rozat m\u00e1solata,<\/li>\n<\/ul>\n\n\n\n<p>&nbsp;&nbsp;&nbsp;&nbsp;&nbsp;&nbsp;Nevel\u00e9sbe vett vagy ut\u00f3gondoz\u00f3i ell\u00e1t\u00e1sban r\u00e9szes\u00fcl\u0151 gyermek eset\u00e9n 100%-os&nbsp;t\u00e9r\u00edt\u00e9si d\u00edjkedvezm\u00e9ny ig\u00e9nyelhet\u0151.<\/p>\n\n\n\n<p>A t\u00e1mogat\u00e1shoz a k\u00f6vetkez\u0151 tov\u00e1bbi dokumentum beny\u00fajt\u00e1sa sz\u00fcks\u00e9ges:<\/p>\n\n\n\n<ul class=\"wp-block-list\">\n<li>a Gy\u00e1mhat\u00f3s\u00e1g hat\u00e1rozata&nbsp;nevel\u00e9sbe v\u00e9telr\u0151l\/ ut\u00f3gondoz\u00e1st elrendel\u0151 hat\u00e1rozat,\n<ul class=\"wp-block-list\">\n<li>valamint,&nbsp;a gyermekj\u00f3l\u00e9ti szolg\u00e1ltat\u00f3- vagy a gondoz\u00e1si helyet biztos\u00edt\u00f3 int\u00e9zm\u00e9ny vezet\u0151je \u00e1ltal kit\u00f6lt\u00f6tt Gytr. 9. mell\u00e9klet.<\/li>\n<\/ul>\n<\/li>\n<\/ul>\n\n\n\n<p>A kedvezm\u00e9nyes \u00e9tkez\u00e9si d\u00edj a beny\u00fajt\u00e1st k\u00f6vet\u0151 napt\u00f3l \u00e9rv\u00e9nyes. A Korm\u00e1ny illet\u00e9kes szerve b\u00e1rmikor bek\u00e9rheti sz\u00fcl\u0151t\u0151l a t\u00e1mogat\u00e1sra val\u00f3 jogosults\u00e1g igazol\u00e1s\u00e1t, vagy kik\u00e9rheti a M\u00c1K-t\u00f3l, NAV-t\u00f3l, NEAK-t\u00f3l.<\/p>\n\n\n\n<p>Tov\u00e1bbi t\u00f6rv\u00e9nyes k\u00e9pvisel\u0151i k\u00f6telezetts\u00e9g minden \u00fajabb tan\u00e9vre, a F\u00f3ti GESZ honlapj\u00e1r\u00f3l (www.fotigesz.hu) let\u00f6lthet\u0151 formanyomtatv\u00e1nyon t\u00f6rt\u00e9n\u0151 nyilatkozatt\u00e9tel, a kedvezm\u00e9nyre val\u00f3 jogosults\u00e1g fenn\u00e1ll\u00e1s\u00e1r\u00f3l. A nyilatkozatot szem\u00e9lyesen vagy e-mailben k\u00e9rj\u00fck visszajuttatni a K\u00f6z\u00e9tkez\u00e9si Csoporthoz minden \u00e9v j\u00falius 31.- ig, a k\u00f6vetkez\u0151 tan\u00e9vre vonatkoz\u00f3an.<\/p>\n\n\n\n<p>Egy\u00e9b kedvezm\u00e9nyekkel (rendszeres gyermekv\u00e9delmi \u00e9s telep\u00fcl\u00e9si t\u00e1mogat\u00e1s) kapcsolatos t\u00e1j\u00e9koztat\u00e1s \u00e9s \u00fcgyint\u00e9z\u00e9s jelenleg a F\u00f3ti K\u00f6z\u00f6s \u00d6nkorm\u00e1nyzati Hivatal Hat\u00f3s\u00e1gi Oszt\u00e1ly\u00e1nak \u00fcgyf\u00e9lszolg\u00e1lat\u00e1n t\u00f6rt\u00e9nik (2151 F\u00f3t, V\u00f6r\u00f6smarty t\u00e9r 1.).<\/p>\n\n\n\n<p>Sz\u00e1mlaki\u00e1ll\u00edt\u00e1s: K\u00e9rj\u00fck, az aktu\u00e1lis sz\u00e1mla ki\u00e1ll\u00edt\u00e1si \u00e9s befizet\u00e9si hat\u00e1ridej\u00e9t, a BEFIZET\u00c9SI ID\u0150SZAKOT k\u00f6vesse nyomon, a&nbsp;GESZ weboldal\u00e1n&nbsp;(minden h\u00f3nap 5. munkanapj\u00e1ig k\u00f6zz\u00e9 tessz\u00fck) A befizet\u00e9si hat\u00e1rid\u0151 az \u00e9tkez\u00e9si sz\u00e1ml\u00e1n is olvashat\u00f3.<\/p>\n\n\n\n<p>Sz\u00e1mlafizet\u0151 m\u00f3dos\u00edt\u00e1s\u00e1t a sz\u00e1ml\u00e1z\u00e1st megel\u0151z\u0151en lehet k\u00e9rni a&nbsp;<a href=\"mailto:kozetkeztetes.fotigesz@gmail.com\">kozetkeztetes.fotigesz@gmail.com<\/a>&nbsp;e-mail c\u00edmen vagy szem\u00e9lyesen a K\u00f6z\u00e9tkez\u00e9si Csoport \u00fcgyf\u00e9lszolg\u00e1lati irod\u00e1j\u00e1ban. Amennyiben a jelz\u00e9si hat\u00e1rid\u0151t (sz\u00e1mla ki\u00e1ll\u00edt\u00e1st megel\u0151z\u0151 2. munkanapon, 24.00 \u00f3r\u00e1t) k\u00f6vet\u0151 az ig\u00e9ny bejelent\u00e9se, a m\u00f3dos\u00edt\u00e1st az azt k\u00f6vet\u0151 sz\u00e1mlaki\u00e1ll\u00edt\u00e1sra (k\u00f6vetkez\u0151 id\u0151szakra) tudjuk elv\u00e9gezni.<\/p>\n\n\n\n<p>Sz\u00e1mlakiegyenl\u00edt\u00e9s lehet\u0151s\u00e9gei:<\/p>\n\n\n\n<ul class=\"wp-block-list\">\n<li>Csoportos beszed\u00e9si megb\u00edz\u00e1ssal, vagy<\/li>\n\n\n\n<li>\u00e1tutal\u00e1ssal a 11784009-15813169-10010000 sz\u00e1mlasz\u00e1mra t\u00f6rt\u00e9n\u0151 utal\u00e1ssal (megjel\u00f6lve a gyermek azonos\u00edt\u00f3j\u00e1t \u00e9s nev\u00e9t), vagy<br>szem\u00e9lyesen GESZ P\u00e9nzt\u00e1r\u00e1ban (F\u00f3t, D\u00f3zsa Gy\u00f6rgy \u00fat 12-14.), a kijel\u00f6lt napokon a p\u00e9nzt\u00e1r nyitva tart\u00e1s\u00e1nak idej\u00e9ben k\u00e9szp\u00e9nzben.<\/li>\n<\/ul>\n\n\n\n<p>K\u00e9sedelmes fizet\u00e9s, tartoz\u00e1s kezel\u00e9se, k\u00f6vetkezm\u00e9nye&nbsp;<\/p>\n\n\n\n<p>A GESZ az \u00e9tkez\u00e9si megrendel\u00e9sek teljes\u00edt\u00e9s\u00e9t, a hat\u00e1rid\u0151ig befizetett, \u00e1tutal\u00e1s eset\u00e9n pedig a pontos \u00f6sszeg\u0171 \u00e9s hivatkoz\u00e1s\u00fa, megfelel\u0151 sz\u00e1mlasz\u00e1mra ind\u00edtott utal\u00e1sok eset\u00e9n garant\u00e1lja.<\/p>\n\n\n\n<p>A nyitott sz\u00e1mla egyenleg\u0171 gyermekek \u00e9tkez\u00e9si megrendel\u00e9s\u00e9t a program letiltja a 30\/2016.(IX.26.) \u00f6nkorm\u00e1nyzati rendelet alapj\u00e1n a sz\u00e1mla lej\u00e1rat\u00e1t k\u00f6vet\u0151 61. napon. A letiltott napokra kisz\u00e1ml\u00e1zott \u00e9tkez\u00e9sek d\u00edjait a k\u00f6vetkez\u0151 sz\u00e1ml\u00e1z\u00e1skor \u00edrja j\u00f3v\u00e1 a program.<\/p>\n\n\n\n<p>Amennyiben a t\u00f6rv\u00e9nyes k\u00e9pvisel\u0151 nem egyenl\u00edti ki gyermeke t\u00e1rgyhavi \u00e9tkez\u00e9si d\u00edj\u00e1t, nem rendezi a sz\u00e1mlaegyenleget, a gyermek \u00e9tkez\u00e9si megrendel\u00e9se megsz\u00fcntet\u00e9sre ker\u00fcl.<\/p>\n\n\n\n<p>Abban az esetben, ha a sz\u00fcl\u0151 m\u00e9gis \u00e9tkeztetni k\u00edv\u00e1nja a gyermeket, azt \u00fajb\u00f3li \u00edr\u00e1sos megrendel\u00e9ssel, \u00e9s a gyermek sz\u00e1mlaegyenleg\u00e9nek teljes rendez\u00e9s\u00e9vel a t\u00e1rgyh\u00f3napot k\u00f6vet\u0151 h\u00f3napt\u00f3l van lehet\u0151s\u00e9ge.<\/p>\n\n\n\n<p>Minderr\u0151l&nbsp;b\u0151vebben&nbsp;\u00e9s a befizet\u00e9sek k\u00f6nyvel\u00e9si rendj\u00e9r\u0151l a \u201eTartoz\u00e1skezel\u00e9si le\u00edr\u00e1s\u201dban t\u00e1j\u00e9koz\u00f3dhat.<\/p>\n\n\n\n<p><\/p>\n\n\n\n<p><\/p>\n\n\n\n<p><\/p>\n","protected":false},"excerpt":{"rendered":"<p>Az internetes \u00e9tkez\u00e9s lemond\u00e1s el\u00e9rhet\u0151s\u00e9ge: https:\/\/www.fotigesz.hu\/etkezes &#8212;&#8212;&#8212;&#8212;&#8212;&#8212;&#8212;&#8212;&#8212;&#8212;&#8212;&#8212;&#8212;&#8212;&#8212;&#8212;&#8212;&#8212;&#8212;&#8212;&#8212;&#8212;&#8212;&#8212;&#8212;&#8212;&#8212;&#8212;&#8212;&#8212;&#8212;&#8212;&#8212;&#8212;&#8212;- Iskolai sz\u00fcl\u0151i t\u00e1j\u00e9koztat\u00f3&nbsp;MEGRENDEL\u0150 NYOMTATV\u00c1NY(.docx)MEGRENDEL\u0150 NYOMTATV\u00c1NY(.pdf)MEGRENDEL\u0150 NYOMTATV\u00c1NY &#8211; vend\u00e9g\u00e9tkez\u0151kDi\u00e9t\u00e1s \u00e9tkeztet\u00e9ssel kapcsolatos inform\u00e1ci\u00f3k&nbsp;T\u00e1j\u00e9koztat\u00f3 az \u00e9tkez\u00e9ssel kapcsolatos tapasztalatokr\u00f3l&nbsp;Tartoz\u00e1skezel\u00e9si t\u00e1j\u00e9koztat\u00f3&nbsp;3. sz\u00e1m\u00fa mell\u00e9klet az 52003.(II.19.) ESZCsM rendelethez&nbsp;8. sz\u00e1m\u00fa mell\u00e9klet 328\/2011. (XII.29.) Korm. rendelethez&nbsp;9. sz\u00e1m\u00fa mell\u00e9klet a 328\/2011. (XII.29.) Korm. rendelethez Tisztelt T\u00f6rv\u00e9nyes K\u00e9pvisel\u0151! T\u00e1j\u00e9koztatni szeretn\u00e9nk, hogy F\u00f3t V\u00e1ros \u00d6nkorm\u00e1nyzata K\u00e9pvisel\u0151-test\u00fclet\u00e9nekd\u00f6nt\u00e9se alapj\u00e1n az \u00f6nkorm\u00e1nyzati [&hellip;]<\/p>\n","protected":false},"author":1,"featured_media":0,"parent":0,"menu_order":0,"comment_status":"closed","ping_status":"closed","template":"","meta":{"footnotes":""},"class_list":["post-13","page","type-page","status-publish","hentry","post-preview"],"_links":{"self":[{"href":"https:\/\/fotigesz.hu\/index.php?rest_route=\/wp\/v2\/pages\/13","targetHints":{"allow":["GET"]}}],"collection":[{"href":"https:\/\/fotigesz.hu\/index.php?rest_route=\/wp\/v2\/pages"}],"about":[{"href":"https:\/\/fotigesz.hu\/index.php?rest_route=\/wp\/v2\/types\/page"}],"author":[{"embeddable":true,"href":"https:\/\/fotigesz.hu\/index.php?rest_route=\/wp\/v2\/users\/1"}],"replies":[{"embeddable":true,"href":"https:\/\/fotigesz.hu\/index.php?rest_route=%2Fwp%2Fv2%2Fcomments&post=13"}],"version-history":[{"count":55,"href":"https:\/\/fotigesz.hu\/index.php?rest_route=\/wp\/v2\/pages\/13\/revisions"}],"predecessor-version":[{"id":512,"href":"https:\/\/fotigesz.hu\/index.php?rest_route=\/wp\/v2\/pages\/13\/revisions\/512"}],"wp:attachment":[{"href":"https:\/\/fotigesz.hu\/index.php?rest_route=%2Fwp%2Fv2%2Fmedia&parent=13"}],"curies":[{"name":"wp","href":"https:\/\/api.w.org\/{rel}","templated":true}]}}